{"id":2806,"date":"2022-04-08T15:59:19","date_gmt":"2022-04-08T13:59:19","guid":{"rendered":"https:\/\/aurora-experience.com\/?page_id=2806"},"modified":"2022-04-08T15:59:19","modified_gmt":"2022-04-08T13:59:19","slug":"beautiful-sites","status":"publish","type":"page","link":"https:\/\/aurora-experience.com\/?page_id=2806&lang=en","title":{"rendered":"Beautiful sites"},"content":{"rendered":"\t\t<div data-elementor-type=\"wp-post\" data-elementor-id=\"2806\" class=\"elementor elementor-2806\" data-elementor-settings=\"[]\">\n\t\t\t\t\t\t<div class=\"elementor-inner\">\n\t\t\t\t\t\t\t<div class=\"elementor-section-wrap\">\n\t\t\t\t\t\t\t<section class=\"elementor-section elementor-top-section elementor-element elementor-element-f423954 elementor-section-boxed elementor-section-height-default elementor-section-height-default\" data-id=\"f423954\" data-element_type=\"section\">\n\t\t\t\t\t\t<div class=\"elementor-container elementor-column-gap-extended\">\n\t\t\t\t\t\t\t<div class=\"elementor-row\">\n\t\t\t\t\t<div class=\"elementor-column elementor-col-100 elementor-top-column elementor-element elementor-element-1f712ff sc_inner_width_none sc_layouts_column_icons_position_left\" data-id=\"1f712ff\" data-element_type=\"column\">\n\t\t\t<div class=\"elementor-column-wrap elementor-element-populated\">\n\t\t\t\t\t\t\t<div class=\"elementor-widget-wrap\">\n\t\t\t\t\t\t<div class=\"elementor-element elementor-element-37856bb sc_fly_static elementor-widget elementor-widget-trx_sc_title\" data-id=\"37856bb\" data-element_type=\"widget\" data-widget_type=\"trx_sc_title.default\">\n\t\t\t\t<div class=\"elementor-widget-container\">\n\t\t\t<div id=\"trx_sc_title_60282887\"\n\t\tclass=\"sc_title sc_title_decoration\"><h1 class=\"sc_item_title sc_title_title sc_align_center sc_item_title_style_decoration sc_item_title_tag\"><span class=\"sc_item_title_text\">Na\u0161e ljepote<\/span><\/h1><\/div><!-- \/.sc_title -->\t\t<\/div>\n\t\t\t\t<\/div>\n\t\t\t\t\t\t<\/div>\n\t\t\t\t\t<\/div>\n\t\t<\/div>\n\t\t\t\t\t\t\t\t<\/div>\n\t\t\t\t\t<\/div>\n\t\t<\/section>\n\t\t\t\t<section class=\"elementor-section elementor-top-section elementor-element elementor-element-284aeb6f scheme_dark elementor-section-stretched elementor-section-boxed elementor-section-height-default elementor-section-height-default\" data-id=\"284aeb6f\" data-element_type=\"section\" data-settings=\"{&quot;stretch_section&quot;:&quot;section-stretched&quot;}\">\n\t\t\t\t\t\t<div class=\"elementor-container elementor-column-gap-extended\">\n\t\t\t\t\t\t\t<div class=\"elementor-row\">\n\t\t\t\t\t<div class=\"elementor-column elementor-col-100 elementor-top-column elementor-element elementor-element-7ae98507 sc_inner_width_none sc_layouts_column_icons_position_left\" data-id=\"7ae98507\" data-element_type=\"column\">\n\t\t\t<div class=\"elementor-column-wrap elementor-element-populated\">\n\t\t\t\t\t\t\t<div class=\"elementor-widget-wrap\">\n\t\t\t\t\t\t<div class=\"elementor-element elementor-element-1f4a654c sc_fly_static elementor-widget elementor-widget-trx_sc_promo\" data-id=\"1f4a654c\" data-element_type=\"widget\" data-widget_type=\"trx_sc_promo.default\">\n\t\t\t\t<div class=\"elementor-widget-container\">\n\t\t\t<div  id=\"trx_sc_promo_1001819344\" \n\tclass=\"sc_promo sc_promo_default sc_promo_size_normal sc_promo_no_image\"><div class=\"sc_promo_text\" style=\"width: 100%;\">\n\t\t\t<div class=\"sc_promo_text_inner trx_addons_inline_1992265682\"><h2 class=\"sc_item_title sc_promo_title sc_item_title_style_decoration sc_item_title_tag\"><span class=\"sc_item_title_text\">Kupa - rijeka \u017eivota<\/span><\/h2><div class=\"sc_item_descr sc_promo_descr\"><p>Kupa, vijugava rijeka kako su je Rimljani zvali, bremenita povije\u0161\u0107u kao rijeka \u017eivota koja je stari vojni Karlovac povezivala \u010dak s Istanbulom, uvijek je nova inspiracija. Sa svakim zalaskom sunca iza starih pokupskih ku\u0107a na njenoj obali, sa svakim pogledom na crkvene zvonike koji je prate, sa svakim klepetom krila jedne od mnogobrojnih ptica koje susretnete, vrijeme je da Kupa inspirira Vas. <\/p>\n<p>\u017ditni put, put trgovanja \u017eitom i ostalim dobrima na rijekama u 18. i 19. stolje\u0107u, kretao se iz dalekog Temi\u0161vara Dunavom, Savom i Kupom la\u0111ama do Karlovca, a onda cestama preko planinske barijere do obala Jadranskog mora \u2013 Karolinom i Lujzijanom do grada Rijeke, a Jozefinom do Senja.<\/p>\n<\/div><\/div>\n\t\t<\/div><!-- \/.sc_promo_text --><\/div><!-- \/.sc_promo -->\t\t<\/div>\n\t\t\t\t<\/div>\n\t\t\t\t\t\t<\/div>\n\t\t\t\t\t<\/div>\n\t\t<\/div>\n\t\t\t\t\t\t\t\t<\/div>\n\t\t\t\t\t<\/div>\n\t\t<\/section>\n\t\t\t\t<section class=\"elementor-section elementor-top-section elementor-element elementor-element-6ff4356 scheme_dark elementor-section-stretched elementor-section-boxed elementor-section-height-default elementor-section-height-default\" data-id=\"6ff4356\" data-element_type=\"section\" data-settings=\"{&quot;stretch_section&quot;:&quot;section-stretched&quot;}\">\n\t\t\t\t\t\t<div class=\"elementor-container elementor-column-gap-extended\">\n\t\t\t\t\t\t\t<div class=\"elementor-row\">\n\t\t\t\t\t<div class=\"elementor-column elementor-col-100 elementor-top-column elementor-element elementor-element-0216a53 sc_inner_width_none sc_layouts_column_icons_position_left\" data-id=\"0216a53\" data-element_type=\"column\">\n\t\t\t<div class=\"elementor-column-wrap elementor-element-populated\">\n\t\t\t\t\t\t\t<div class=\"elementor-widget-wrap\">\n\t\t\t\t\t\t<div class=\"elementor-element elementor-element-35a828b sc_fly_static elementor-widget elementor-widget-trx_sc_promo\" data-id=\"35a828b\" data-element_type=\"widget\" data-widget_type=\"trx_sc_promo.default\">\n\t\t\t\t<div class=\"elementor-widget-container\">\n\t\t\t<div  id=\"trx_sc_promo_129957469\" \n\tclass=\"sc_promo sc_promo_default sc_promo_size_normal sc_promo_no_image\"><div class=\"sc_promo_text\" style=\"width: 100%;\">\n\t\t\t<div class=\"sc_promo_text_inner trx_addons_inline_592166075\"><h2 class=\"sc_item_title sc_promo_title sc_item_title_style_decoration sc_item_title_tag\"><span class=\"sc_item_title_text\">Pokupske ku\u0107e<\/span><\/h2><div class=\"sc_item_descr sc_promo_descr\"><p>Pokupske ku\u0107e odnosno Pokupske ljepotice kako im tepa lokalno stanovni\u0161tvo ostatak su predivnih primjera izgradnje ku\u0107a iz 18. i 19. stolje\u0107a. Izgra\u0111ene su od tesanih, a kasnije i piljenih hrastovih planjki sastavljane na hrvatski ili na njema\u010dki vugel\u2026 gradili su ih uglavnom sami seljaci, priu\u010deni tesari\u2026 kao \u0161to su priu\u010deni stolari izradili ve\u0107inu vrlo jednostavnog, krasno rezbarenog namje\u0161taja kojeg i danas mo\u017eemo vidjeti u preostalim primjercima Pokupskih ljepotica\u2026<\/p>\n<\/div><\/div>\n\t\t<\/div><!-- \/.sc_promo_text --><\/div><!-- \/.sc_promo -->\t\t<\/div>\n\t\t\t\t<\/div>\n\t\t\t\t\t\t<\/div>\n\t\t\t\t\t<\/div>\n\t\t<\/div>\n\t\t\t\t\t\t\t\t<\/div>\n\t\t\t\t\t<\/div>\n\t\t<\/section>\n\t\t\t\t<section class=\"elementor-section elementor-top-section elementor-element elementor-element-dfb2521 scheme_dark elementor-section-stretched elementor-section-boxed elementor-section-height-default elementor-section-height-default\" data-id=\"dfb2521\" data-element_type=\"section\" data-settings=\"{&quot;stretch_section&quot;:&quot;section-stretched&quot;}\">\n\t\t\t\t\t\t<div class=\"elementor-container elementor-column-gap-extended\">\n\t\t\t\t\t\t\t<div class=\"elementor-row\">\n\t\t\t\t\t<div class=\"elementor-column elementor-col-100 elementor-top-column elementor-element elementor-element-52a6ed6 sc_inner_width_none sc_layouts_column_icons_position_left\" data-id=\"52a6ed6\" data-element_type=\"column\">\n\t\t\t<div class=\"elementor-column-wrap elementor-element-populated\">\n\t\t\t\t\t\t\t<div class=\"elementor-widget-wrap\">\n\t\t\t\t\t\t<div class=\"elementor-element elementor-element-d9ab5ca sc_fly_static elementor-widget elementor-widget-trx_sc_promo\" data-id=\"d9ab5ca\" data-element_type=\"widget\" data-widget_type=\"trx_sc_promo.default\">\n\t\t\t\t<div class=\"elementor-widget-container\">\n\t\t\t<div  id=\"trx_sc_promo_497180843\" \n\tclass=\"sc_promo sc_promo_default sc_promo_size_normal sc_promo_no_image\"><div class=\"sc_promo_text\" style=\"width: 100%;\">\n\t\t\t<div class=\"sc_promo_text_inner trx_addons_inline_528048060\"><h2 class=\"sc_item_title sc_promo_title sc_item_title_style_decoration sc_item_title_tag\"><span class=\"sc_item_title_text\">No\u0161nje, pjesma i ples<\/span><\/h2><div class=\"sc_item_descr sc_promo_descr\"><p>Re\u010di\u010dka narodna no\u0161nja pripada pokupskom tipu narodne no\u0161nje, ali se i dosta razlikuje od drugih pokupskih no\u0161nji zbog svojih bogatih i osebujnih vezova, po bojama, ukrasima i nakitu. Glavni motiv no\u0161nje je divlja ru\u017ea, a posebnost no\u0161nje se vidi u tome \u0161to boje i ukrasi na no\u0161nji slijede godi\u0161nja doba \u2013 kako dolaze pojedini blagdani, no\u0161nje postaju ukra\u0161enije i bogatije\u2026no\u0161nju danas ima gotovo svaka ku\u0107a re\u010di\u010dkoga kraja, a pogotovo je posebno njeguju \u010dlanovi KUD-a Re\u010dica koji ve\u0107 desetlje\u0107ima \u010duvaju tradicijsku pjesmu i plesove ovog kraja\u2026. Ej tiho plovi \u017eitarica la\u0111a.<\/p>\n<\/div><\/div>\n\t\t<\/div><!-- \/.sc_promo_text --><\/div><!-- \/.sc_promo -->\t\t<\/div>\n\t\t\t\t<\/div>\n\t\t\t\t\t\t<\/div>\n\t\t\t\t\t<\/div>\n\t\t<\/div>\n\t\t\t\t\t\t\t\t<\/div>\n\t\t\t\t\t<\/div>\n\t\t<\/section>\n\t\t\t\t<section class=\"elementor-section elementor-top-section elementor-element elementor-element-3badde9 scheme_dark elementor-section-stretched elementor-section-boxed elementor-section-height-default elementor-section-height-default\" data-id=\"3badde9\" data-element_type=\"section\" data-settings=\"{&quot;stretch_section&quot;:&quot;section-stretched&quot;}\">\n\t\t\t\t\t\t<div class=\"elementor-container elementor-column-gap-extended\">\n\t\t\t\t\t\t\t<div class=\"elementor-row\">\n\t\t\t\t\t<div class=\"elementor-column elementor-col-100 elementor-top-column elementor-element elementor-element-0f483b9 sc_inner_width_none sc_layouts_column_icons_position_left\" data-id=\"0f483b9\" data-element_type=\"column\">\n\t\t\t<div class=\"elementor-column-wrap elementor-element-populated\">\n\t\t\t\t\t\t\t<div class=\"elementor-widget-wrap\">\n\t\t\t\t\t\t<div class=\"elementor-element elementor-element-4b1676f sc_fly_static elementor-widget elementor-widget-trx_sc_promo\" data-id=\"4b1676f\" data-element_type=\"widget\" data-widget_type=\"trx_sc_promo.default\">\n\t\t\t\t<div class=\"elementor-widget-container\">\n\t\t\t<div  id=\"trx_sc_promo_1219632431\" \n\tclass=\"sc_promo sc_promo_default sc_promo_size_normal sc_promo_no_image\"><div class=\"sc_promo_text\" style=\"width: 100%;\">\n\t\t\t<div class=\"sc_promo_text_inner trx_addons_inline_348928108\"><h2 class=\"sc_item_title sc_promo_title sc_item_title_style_decoration sc_item_title_tag\"><span class=\"sc_item_title_text\">Kapelica sv. Florijana<\/span><\/h2><div class=\"sc_item_descr sc_promo_descr\"><p>Zvono kapelice svetog Florijana, za\u0161titnika vatrogasaca i sela Zamr\u0161je, ve\u0107 stolje\u0107ima budi njegove stanovnike svojom umilnom zvonjavom. Smje\u0161tena tek nekoliko desetaka metara od rijeke Kupe\u2026unutra\u0161njost joj ukra\u0161avaju glavni oltar s kipom svetog Florijana i skulptura Madone s djetetom sa\u010duvani iz starije, drvene kapele koja je nekad tu stajala\u2026<\/p>\n<\/div><\/div>\n\t\t<\/div><!-- \/.sc_promo_text --><\/div><!-- \/.sc_promo -->\t\t<\/div>\n\t\t\t\t<\/div>\n\t\t\t\t\t\t<\/div>\n\t\t\t\t\t<\/div>\n\t\t<\/div>\n\t\t\t\t\t\t\t\t<\/div>\n\t\t\t\t\t<\/div>\n\t\t<\/section>\n\t\t\t\t<section class=\"elementor-section elementor-top-section elementor-element elementor-element-90e2c5b scheme_dark elementor-section-stretched elementor-section-boxed elementor-section-height-default elementor-section-height-default\" data-id=\"90e2c5b\" data-element_type=\"section\" data-settings=\"{&quot;stretch_section&quot;:&quot;section-stretched&quot;}\">\n\t\t\t\t\t\t<div class=\"elementor-container elementor-column-gap-extended\">\n\t\t\t\t\t\t\t<div class=\"elementor-row\">\n\t\t\t\t\t<div class=\"elementor-column elementor-col-100 elementor-top-column elementor-element elementor-element-09135f0 sc_inner_width_none sc_layouts_column_icons_position_left\" data-id=\"09135f0\" data-element_type=\"column\">\n\t\t\t<div class=\"elementor-column-wrap elementor-element-populated\">\n\t\t\t\t\t\t\t<div class=\"elementor-widget-wrap\">\n\t\t\t\t\t\t<div class=\"elementor-element elementor-element-245c937 sc_fly_static elementor-widget elementor-widget-trx_sc_promo\" data-id=\"245c937\" data-element_type=\"widget\" data-widget_type=\"trx_sc_promo.default\">\n\t\t\t\t<div class=\"elementor-widget-container\">\n\t\t\t<div  id=\"trx_sc_promo_1036097816\" \n\tclass=\"sc_promo sc_promo_default sc_promo_size_normal sc_promo_no_image\"><div class=\"sc_promo_text\" style=\"width: 100%;\">\n\t\t\t<div class=\"sc_promo_text_inner trx_addons_inline_202360498\"><h2 class=\"sc_item_title sc_promo_title sc_item_title_style_decoration sc_item_title_tag\"><span class=\"sc_item_title_text\">Re\u010dica<\/span><\/h2><div class=\"sc_item_descr sc_promo_descr\"><p>Naselje Re\u010dica se nalazi u Pokuplju, na lijevoj obali rijeke Kupe, a prvi puta se u dokumentima spominje jo\u0161 u 14. stolje\u0107u. U Re\u010dici je obitelj Dra\u0161kovi\u0107 u 17. stolje\u0107u izgradila jednokatni dvorac s popratnim zgradama, a u 18. stolje\u0107u su dali izgraditi crkvu Svetog Ivana Krstitelja, \u010diji su barokni i rokoko detalji i danas vidljivi u crkvi. U dvoru je grof Janko Dra\u0161kovi\u0107 napisao i svoju poznatu Dizertaciju (prvi cjeloviti nacionalni program u hrvatskoj kulturnoj i politi\u010dkoj povijesti). Bio je to veliki \u010din domoljublja, a mo\u017eda se i zbog toga uz Re\u010dicu posebno ve\u017ee o\u010duvanje lokalne tradicije i nacionalnog identiteta unato\u010d svim promjenama kroz povijest. <\/p>\n<\/div><\/div>\n\t\t<\/div><!-- \/.sc_promo_text --><\/div><!-- \/.sc_promo -->\t\t<\/div>\n\t\t\t\t<\/div>\n\t\t\t\t\t\t<\/div>\n\t\t\t\t\t<\/div>\n\t\t<\/div>\n\t\t\t\t\t\t\t\t<\/div>\n\t\t\t\t\t<\/div>\n\t\t<\/section>\n\t\t\t\t<section class=\"elementor-section elementor-top-section elementor-element elementor-element-ef75151 scheme_dark elementor-section-stretched elementor-section-boxed elementor-section-height-default elementor-section-height-default\" data-id=\"ef75151\" data-element_type=\"section\" data-settings=\"{&quot;stretch_section&quot;:&quot;section-stretched&quot;}\">\n\t\t\t\t\t\t<div class=\"elementor-container elementor-column-gap-extended\">\n\t\t\t\t\t\t\t<div class=\"elementor-row\">\n\t\t\t\t\t<div class=\"elementor-column elementor-col-100 elementor-top-column elementor-element elementor-element-c24b430 sc_inner_width_none sc_layouts_column_icons_position_left\" data-id=\"c24b430\" data-element_type=\"column\">\n\t\t\t<div class=\"elementor-column-wrap elementor-element-populated\">\n\t\t\t\t\t\t\t<div class=\"elementor-widget-wrap\">\n\t\t\t\t\t\t<div class=\"elementor-element elementor-element-76a36ab sc_fly_static elementor-widget elementor-widget-trx_sc_promo\" data-id=\"76a36ab\" data-element_type=\"widget\" data-widget_type=\"trx_sc_promo.default\">\n\t\t\t\t<div class=\"elementor-widget-container\">\n\t\t\t<div  id=\"trx_sc_promo_691187030\" \n\tclass=\"sc_promo sc_promo_default sc_promo_size_normal sc_promo_no_image\"><div class=\"sc_promo_text\" style=\"width: 100%;\">\n\t\t\t<div class=\"sc_promo_text_inner trx_addons_inline_1574164987\"><h2 class=\"sc_item_title sc_promo_title sc_item_title_style_decoration sc_item_title_tag\"><span class=\"sc_item_title_text\">Kamensko - Pavlinski samostan<\/span><\/h2><div class=\"sc_item_descr sc_promo_descr\"><p>Na prostoru naselja Kamensko u 15. stolje\u0107u grofica Katarina Frankopan osnovala je pavlinski samostan i crkvu svete Marije Snje\u017ene. Crkva je ure\u0111ena uglavnom u baroknom stilu, a posebno su vrijedna dva bo\u010dna oltara i propovjedaonica u rokoko stilu. Baroknim stilom ure\u0111en je i samostan koji je izgra\u0111en kao trokrilna gra\u0111evina. Za vrijeme Domovinskog rata samostan i crkva vrlo su te\u0161ko stradali, no na sre\u0107u crkveni inventar je spa\u0161en i nakon obnove ponovno vra\u0107en u crkvu.<\/p>\n<\/div><\/div>\n\t\t<\/div><!-- \/.sc_promo_text --><\/div><!-- \/.sc_promo -->\t\t<\/div>\n\t\t\t\t<\/div>\n\t\t\t\t\t\t<\/div>\n\t\t\t\t\t<\/div>\n\t\t<\/div>\n\t\t\t\t\t\t\t\t<\/div>\n\t\t\t\t\t<\/div>\n\t\t<\/section>\n\t\t\t\t<section class=\"elementor-section elementor-top-section elementor-element elementor-element-9b18a00 scheme_dark elementor-section-stretched elementor-section-boxed elementor-section-height-default elementor-section-height-default\" data-id=\"9b18a00\" data-element_type=\"section\" data-settings=\"{&quot;stretch_section&quot;:&quot;section-stretched&quot;}\">\n\t\t\t\t\t\t<div class=\"elementor-container elementor-column-gap-extended\">\n\t\t\t\t\t\t\t<div class=\"elementor-row\">\n\t\t\t\t\t<div class=\"elementor-column elementor-col-100 elementor-top-column elementor-element elementor-element-b6adf19 sc_inner_width_none sc_layouts_column_icons_position_left\" data-id=\"b6adf19\" data-element_type=\"column\">\n\t\t\t<div class=\"elementor-column-wrap elementor-element-populated\">\n\t\t\t\t\t\t\t<div class=\"elementor-widget-wrap\">\n\t\t\t\t\t\t<div class=\"elementor-element elementor-element-8946d94 sc_fly_static elementor-widget elementor-widget-trx_sc_promo\" data-id=\"8946d94\" data-element_type=\"widget\" data-widget_type=\"trx_sc_promo.default\">\n\t\t\t\t<div class=\"elementor-widget-container\">\n\t\t\t<div  id=\"trx_sc_promo_1257778355\" \n\tclass=\"sc_promo sc_promo_default sc_promo_size_normal sc_promo_no_image\"><div class=\"sc_promo_text\" style=\"width: 100%;\">\n\t\t\t<div class=\"sc_promo_text_inner trx_addons_inline_408484822\"><h2 class=\"sc_item_title sc_promo_title sc_item_title_style_decoration sc_item_title_tag\"><span class=\"sc_item_title_text\">Bro\u0111ani<\/span><\/h2><div class=\"sc_item_descr sc_promo_descr\"><p>Selo Bro\u0111ani nalazi se nizvodno od Karlovca na desnoj obali Kupe, a sve do 1944. godine je bilo poznato pod imenom Gliboki Brod. Stanovni\u0161tvo se oduvijek bavilo poljoprivredom, sto\u010darstvom, manje ribarstvom. Peskarenje - va\u0111enje pijeska bilo je dodatni izvor zarade. Do kraja 19. st. glavna prometnica mjesta je rijeka Kupa. U selu se nalazio i \u017eeljezni\u010dki most kojim je do Domovinskog rata prolazila pruga Karlovac-Sisak. Danas se na mjestu mosta nalaze samo njegovi ostaci i pri\u010de koje mje\u0161tani o njemu pri\u010daju. U Domovinskom ratu selo je bilo okupirano, a rijeka Kupa tada je bila granica slobodne i okupirane Hrvatske. Danas selo ima malo stanovnika, ali su vrlo uporni i raznim aktivnostima vra\u0107aju \u017eivot selu, a Kupa i la\u0111a ga ponovno bude i otvaraju nove mogu\u0107nosti za \u017eivot.<\/p>\n<\/div><\/div>\n\t\t<\/div><!-- \/.sc_promo_text --><\/div><!-- \/.sc_promo -->\t\t<\/div>\n\t\t\t\t<\/div>\n\t\t\t\t\t\t<\/div>\n\t\t\t\t\t<\/div>\n\t\t<\/div>\n\t\t\t\t\t\t\t\t<\/div>\n\t\t\t\t\t<\/div>\n\t\t<\/section>\n\t\t\t\t\t\t<\/div>\n\t\t\t\t\t\t<\/div>\n\t\t\t\t\t<\/div>\n\t\t","protected":false},"excerpt":{"rendered":"","protected":false},"author":4,"featured_media":0,"parent":0,"menu_order":0,"comment_status":"closed","ping_status":"closed","template":"","meta":{"footnotes":""},"_links":{"self":[{"href":"https:\/\/aurora-experience.com\/index.php?rest_route=\/wp\/v2\/pages\/2806"}],"collection":[{"href":"https:\/\/aurora-experience.com\/index.php?rest_route=\/wp\/v2\/pages"}],"about":[{"href":"https:\/\/aurora-experience.com\/index.php?rest_route=\/wp\/v2\/types\/page"}],"author":[{"embeddable":true,"href":"https:\/\/aurora-experience.com\/index.php?rest_route=\/wp\/v2\/users\/4"}],"replies":[{"embeddable":true,"href":"https:\/\/aurora-experience.com\/index.php?rest_route=%2Fwp%2Fv2%2Fcomments&post=2806"}],"version-history":[{"count":1,"href":"https:\/\/aurora-experience.com\/index.php?rest_route=\/wp\/v2\/pages\/2806\/revisions"}],"predecessor-version":[{"id":2807,"href":"https:\/\/aurora-experience.com\/index.php?rest_route=\/wp\/v2\/pages\/2806\/revisions\/2807"}],"wp:attachment":[{"href":"https:\/\/aurora-experience.com\/index.php?rest_route=%2Fwp%2Fv2%2Fmedia&parent=2806"}],"curies":[{"name":"wp","href":"https:\/\/api.w.org\/{rel}","templated":true}]}}