{"id":68,"date":"2019-03-13T14:16:09","date_gmt":"2019-03-13T13:16:09","guid":{"rendered":"https:\/\/aurora-experience.com\/tours-activities\/"},"modified":"2022-04-08T15:31:25","modified_gmt":"2022-04-08T13:31:25","slug":"atrakcije-2","status":"publish","type":"page","link":"https:\/\/aurora-experience.com\/?page_id=68","title":{"rendered":"Atrakcije"},"content":{"rendered":"\t\t<div data-elementor-type=\"wp-post\" data-elementor-id=\"68\" class=\"elementor elementor-68\" data-elementor-settings=\"[]\">\n\t\t\t\t\t\t<div class=\"elementor-inner\">\n\t\t\t\t\t\t\t<div class=\"elementor-section-wrap\">\n\t\t\t\t\t\t\t<section class=\"elementor-section elementor-top-section elementor-element elementor-element-f423954 elementor-section-boxed elementor-section-height-default elementor-section-height-default\" data-id=\"f423954\" data-element_type=\"section\">\n\t\t\t\t\t\t<div class=\"elementor-container elementor-column-gap-extended\">\n\t\t\t\t\t\t\t<div class=\"elementor-row\">\n\t\t\t\t\t<div class=\"elementor-column elementor-col-100 elementor-top-column elementor-element elementor-element-1f712ff sc_inner_width_none sc_layouts_column_icons_position_left\" data-id=\"1f712ff\" data-element_type=\"column\">\n\t\t\t<div class=\"elementor-column-wrap elementor-element-populated\">\n\t\t\t\t\t\t\t<div class=\"elementor-widget-wrap\">\n\t\t\t\t\t\t<div class=\"elementor-element elementor-element-37856bb sc_fly_static elementor-widget elementor-widget-trx_sc_title\" data-id=\"37856bb\" data-element_type=\"widget\" data-widget_type=\"trx_sc_title.default\">\n\t\t\t\t<div class=\"elementor-widget-container\">\n\t\t\t<div id=\"trx_sc_title_906540461\"\n\t\tclass=\"sc_title sc_title_decoration\"><h1 class=\"sc_item_title sc_title_title sc_align_center sc_item_title_style_decoration sc_item_title_tag\"><span class=\"sc_item_title_text\">Atrakcije<\/span><\/h1><\/div><!-- \/.sc_title -->\t\t<\/div>\n\t\t\t\t<\/div>\n\t\t\t\t\t\t<\/div>\n\t\t\t\t\t<\/div>\n\t\t<\/div>\n\t\t\t\t\t\t\t\t<\/div>\n\t\t\t\t\t<\/div>\n\t\t<\/section>\n\t\t\t\t<section class=\"elementor-section elementor-top-section elementor-element elementor-element-284aeb6f scheme_dark elementor-section-stretched elementor-section-boxed elementor-section-height-default elementor-section-height-default\" data-id=\"284aeb6f\" data-element_type=\"section\" data-settings=\"{&quot;stretch_section&quot;:&quot;section-stretched&quot;}\">\n\t\t\t\t\t\t<div class=\"elementor-container elementor-column-gap-extended\">\n\t\t\t\t\t\t\t<div class=\"elementor-row\">\n\t\t\t\t\t<div class=\"elementor-column elementor-col-100 elementor-top-column elementor-element elementor-element-7ae98507 sc_inner_width_none sc_layouts_column_icons_position_left\" data-id=\"7ae98507\" data-element_type=\"column\">\n\t\t\t<div class=\"elementor-column-wrap elementor-element-populated\">\n\t\t\t\t\t\t\t<div class=\"elementor-widget-wrap\">\n\t\t\t\t\t\t<div class=\"elementor-element elementor-element-1f4a654c sc_fly_static elementor-widget elementor-widget-trx_sc_promo\" data-id=\"1f4a654c\" data-element_type=\"widget\" data-widget_type=\"trx_sc_promo.default\">\n\t\t\t\t<div class=\"elementor-widget-container\">\n\t\t\t<div  id=\"trx_sc_promo_487751152\" \n\tclass=\"sc_promo sc_promo_default sc_promo_size_normal sc_promo_no_image\"><div class=\"sc_promo_text\" style=\"width: 100%;\">\n\t\t\t<div class=\"sc_promo_text_inner trx_addons_inline_455655125\"><h2 class=\"sc_item_title sc_promo_title sc_item_title_style_decoration sc_item_title_tag\"><span class=\"sc_item_title_text\">Aquatika<\/span><\/h2><div class=\"sc_item_descr sc_promo_descr\"><p>Slatkovodni Akvarij Karlovac predstavlja vrhunsku turisti\u010dku atrakciju za sve ljubitelje biljnog i \u017eivotinjskog svijeta, za sve koji \u017eele uroniti u podvodni svijet rije\u010dne flore i faune i upoznati 100 zastupljenih vrsta slatkovodnih riba, preko 40 endema i 5000 ribljih jedinki u jedinstvenom edukativnom, osvje\u017eavaju\u0107em okru\u017eenju uz rijeku Koranu.<\/p>\n<\/div><\/div>\n\t\t<\/div><!-- \/.sc_promo_text --><\/div><!-- \/.sc_promo -->\t\t<\/div>\n\t\t\t\t<\/div>\n\t\t\t\t\t\t<\/div>\n\t\t\t\t\t<\/div>\n\t\t<\/div>\n\t\t\t\t\t\t\t\t<\/div>\n\t\t\t\t\t<\/div>\n\t\t<\/section>\n\t\t\t\t<section class=\"elementor-section elementor-top-section elementor-element elementor-element-6ff4356 scheme_dark elementor-section-stretched elementor-section-boxed elementor-section-height-default elementor-section-height-default\" data-id=\"6ff4356\" data-element_type=\"section\" data-settings=\"{&quot;stretch_section&quot;:&quot;section-stretched&quot;}\">\n\t\t\t\t\t\t<div class=\"elementor-container elementor-column-gap-extended\">\n\t\t\t\t\t\t\t<div class=\"elementor-row\">\n\t\t\t\t\t<div class=\"elementor-column elementor-col-100 elementor-top-column elementor-element elementor-element-0216a53 sc_inner_width_none sc_layouts_column_icons_position_left\" data-id=\"0216a53\" data-element_type=\"column\">\n\t\t\t<div class=\"elementor-column-wrap elementor-element-populated\">\n\t\t\t\t\t\t\t<div class=\"elementor-widget-wrap\">\n\t\t\t\t\t\t<div class=\"elementor-element elementor-element-35a828b sc_fly_static elementor-widget elementor-widget-trx_sc_promo\" data-id=\"35a828b\" data-element_type=\"widget\" data-widget_type=\"trx_sc_promo.default\">\n\t\t\t\t<div class=\"elementor-widget-container\">\n\t\t\t<div  id=\"trx_sc_promo_687636354\" \n\tclass=\"sc_promo sc_promo_default sc_promo_size_normal sc_promo_no_image\"><div class=\"sc_promo_text\" style=\"width: 100%;\">\n\t\t\t<div class=\"sc_promo_text_inner trx_addons_inline_629367692\"><h2 class=\"sc_item_title sc_promo_title sc_item_title_style_decoration sc_item_title_tag\"><span class=\"sc_item_title_text\">Dubovac<\/span><\/h2><div class=\"sc_item_descr sc_promo_descr\"><p>Na bre\u017euljku ponad grada Karlovca smje\u0161tena je jedna od najljep\u0161ih i najo\u010duvanijih utvrda feudalne gradnje - Stari grad Dubovac koji datira iz 13. stolje\u0107a. S vrha ovog vidikovca pru\u017ea se najromanti\u010dniji pogled na Karlovac. Kao stariji brat, bdije nad gradom i ve\u0107 stolje\u0107ima prati njegove mjene.<\/p>\n<\/div><\/div>\n\t\t<\/div><!-- \/.sc_promo_text --><\/div><!-- \/.sc_promo -->\t\t<\/div>\n\t\t\t\t<\/div>\n\t\t\t\t\t\t<\/div>\n\t\t\t\t\t<\/div>\n\t\t<\/div>\n\t\t\t\t\t\t\t\t<\/div>\n\t\t\t\t\t<\/div>\n\t\t<\/section>\n\t\t\t\t<section class=\"elementor-section elementor-top-section elementor-element elementor-element-3badde9 scheme_dark elementor-section-stretched elementor-section-boxed elementor-section-height-default elementor-section-height-default\" data-id=\"3badde9\" data-element_type=\"section\" data-settings=\"{&quot;stretch_section&quot;:&quot;section-stretched&quot;}\">\n\t\t\t\t\t\t<div class=\"elementor-container elementor-column-gap-extended\">\n\t\t\t\t\t\t\t<div class=\"elementor-row\">\n\t\t\t\t\t<div class=\"elementor-column elementor-col-100 elementor-top-column elementor-element elementor-element-0f483b9 sc_inner_width_none sc_layouts_column_icons_position_left\" data-id=\"0f483b9\" data-element_type=\"column\">\n\t\t\t<div class=\"elementor-column-wrap elementor-element-populated\">\n\t\t\t\t\t\t\t<div class=\"elementor-widget-wrap\">\n\t\t\t\t\t\t<div class=\"elementor-element elementor-element-4b1676f sc_fly_static elementor-widget elementor-widget-trx_sc_promo\" data-id=\"4b1676f\" data-element_type=\"widget\" data-widget_type=\"trx_sc_promo.default\">\n\t\t\t\t<div class=\"elementor-widget-container\">\n\t\t\t<div  id=\"trx_sc_promo_651122021\" \n\tclass=\"sc_promo sc_promo_default sc_promo_size_normal sc_promo_no_image\"><div class=\"sc_promo_text\" style=\"width: 100%;\">\n\t\t\t<div class=\"sc_promo_text_inner trx_addons_inline_725256480\"><h2 class=\"sc_item_title sc_promo_title sc_item_title_style_decoration sc_item_title_tag\"><span class=\"sc_item_title_text\">Ivanjski krijes<\/span><\/h2><div class=\"sc_item_descr sc_promo_descr\"><p>Veliki Ivanjski krijesovi tradicionalno se pale 23.lipnja, na lijevoj i desnoj obali Kupe u centru grada. Plameni jezici i do 15 metara visine zrcale se u rijeci i zagrijavaju toplinom no\u0107 uo\u010di Ivanja i po\u010detka ljeta. Ogledaju se \u010detvrti Gaza i Banija \u010diji je plamen vi\u0161i i dugotrajniji. Predivna vi\u0161estoljetna tradicija grada popra\u0107ena raznim kulturno-umjetni\u010dkim i sportskim programom.<\/p>\n<\/div><\/div>\n\t\t<\/div><!-- \/.sc_promo_text --><\/div><!-- \/.sc_promo -->\t\t<\/div>\n\t\t\t\t<\/div>\n\t\t\t\t\t\t<\/div>\n\t\t\t\t\t<\/div>\n\t\t<\/div>\n\t\t\t\t\t\t\t\t<\/div>\n\t\t\t\t\t<\/div>\n\t\t<\/section>\n\t\t\t\t<section class=\"elementor-section elementor-top-section elementor-element elementor-element-90e2c5b scheme_dark elementor-section-stretched elementor-section-boxed elementor-section-height-default elementor-section-height-default\" data-id=\"90e2c5b\" data-element_type=\"section\" data-settings=\"{&quot;stretch_section&quot;:&quot;section-stretched&quot;}\">\n\t\t\t\t\t\t<div class=\"elementor-container elementor-column-gap-extended\">\n\t\t\t\t\t\t\t<div class=\"elementor-row\">\n\t\t\t\t\t<div class=\"elementor-column elementor-col-100 elementor-top-column elementor-element elementor-element-09135f0 sc_inner_width_none sc_layouts_column_icons_position_left\" data-id=\"09135f0\" data-element_type=\"column\">\n\t\t\t<div class=\"elementor-column-wrap elementor-element-populated\">\n\t\t\t\t\t\t\t<div class=\"elementor-widget-wrap\">\n\t\t\t\t\t\t<div class=\"elementor-element elementor-element-245c937 sc_fly_static elementor-widget elementor-widget-trx_sc_promo\" data-id=\"245c937\" data-element_type=\"widget\" data-widget_type=\"trx_sc_promo.default\">\n\t\t\t\t<div class=\"elementor-widget-container\">\n\t\t\t<div  id=\"trx_sc_promo_457869123\" \n\tclass=\"sc_promo sc_promo_default sc_promo_size_normal sc_promo_no_image\"><div class=\"sc_promo_text\" style=\"width: 100%;\">\n\t\t\t<div class=\"sc_promo_text_inner trx_addons_inline_634611716\"><h2 class=\"sc_item_title sc_promo_title sc_item_title_style_decoration sc_item_title_tag\"><span class=\"sc_item_title_text\">Dani piva<\/span><\/h2><div class=\"sc_item_descr sc_promo_descr\"><p>Svake godine u zadnjem petku kolovoza Karlovcem pote\u010de i peta rijeka\u2026 rijeka piva\u2026 vi\u0161ednevna manifestacija piva, glazbe i gospodarstva\u2026zabave i plesa...<\/p>\n<\/div><\/div>\n\t\t<\/div><!-- \/.sc_promo_text --><\/div><!-- \/.sc_promo -->\t\t<\/div>\n\t\t\t\t<\/div>\n\t\t\t\t\t\t<\/div>\n\t\t\t\t\t<\/div>\n\t\t<\/div>\n\t\t\t\t\t\t\t\t<\/div>\n\t\t\t\t\t<\/div>\n\t\t<\/section>\n\t\t\t\t<section class=\"elementor-section elementor-top-section elementor-element elementor-element-dfb2521 scheme_dark elementor-section-stretched elementor-section-boxed elementor-section-height-default elementor-section-height-default\" data-id=\"dfb2521\" data-element_type=\"section\" data-settings=\"{&quot;stretch_section&quot;:&quot;section-stretched&quot;}\">\n\t\t\t\t\t\t<div class=\"elementor-container elementor-column-gap-extended\">\n\t\t\t\t\t\t\t<div class=\"elementor-row\">\n\t\t\t\t\t<div class=\"elementor-column elementor-col-100 elementor-top-column elementor-element elementor-element-52a6ed6 sc_inner_width_none sc_layouts_column_icons_position_left\" data-id=\"52a6ed6\" data-element_type=\"column\">\n\t\t\t<div class=\"elementor-column-wrap elementor-element-populated\">\n\t\t\t\t\t\t\t<div class=\"elementor-widget-wrap\">\n\t\t\t\t\t\t<div class=\"elementor-element elementor-element-d9ab5ca sc_fly_static elementor-widget elementor-widget-trx_sc_promo\" data-id=\"d9ab5ca\" data-element_type=\"widget\" data-widget_type=\"trx_sc_promo.default\">\n\t\t\t\t<div class=\"elementor-widget-container\">\n\t\t\t<div  id=\"trx_sc_promo_170716060\" \n\tclass=\"sc_promo sc_promo_default sc_promo_size_normal sc_promo_no_image\"><div class=\"sc_promo_text\" style=\"width: 100%;\">\n\t\t\t<div class=\"sc_promo_text_inner trx_addons_inline_222719533\"><h2 class=\"sc_item_title sc_promo_title sc_item_title_style_decoration sc_item_title_tag\"><span class=\"sc_item_title_text\">Zvijezda<\/span><\/h2><div class=\"sc_item_descr sc_promo_descr\"><p>\u0160esterokraka zvijezda stara je jezgra grada Karlovca, gra\u0111ena od 16.st. kao idealni renesansni grad... utvrda za obranu od Turaka, nekada ome\u0111ena \u0161an\u010devima te sna\u017enim bedemima i bastionima\u2026 danas su na njihovim mjestima parkovi, \u0161etali\u0161ta, drvoredi i cvjetnjaci. Odi\u0161e starom gradnjom i mirisom pro\u0161losti. Posebno je \u017eiva na ro\u0111endan grada, 13. srpnja, kada je ispuni mno\u0161tvo, veselje, smijeh i ples ro\u0111endanskog bala. <\/p>\n<\/div><\/div>\n\t\t<\/div><!-- \/.sc_promo_text --><\/div><!-- \/.sc_promo -->\t\t<\/div>\n\t\t\t\t<\/div>\n\t\t\t\t\t\t<\/div>\n\t\t\t\t\t<\/div>\n\t\t<\/div>\n\t\t\t\t\t\t\t\t<\/div>\n\t\t\t\t\t<\/div>\n\t\t<\/section>\n\t\t\t\t<section class=\"elementor-section elementor-top-section elementor-element elementor-element-114c93e scheme_dark elementor-section-stretched elementor-section-boxed elementor-section-height-default elementor-section-height-default\" data-id=\"114c93e\" data-element_type=\"section\" data-settings=\"{&quot;stretch_section&quot;:&quot;section-stretched&quot;}\">\n\t\t\t\t\t\t<div class=\"elementor-container elementor-column-gap-extended\">\n\t\t\t\t\t\t\t<div class=\"elementor-row\">\n\t\t\t\t\t<div class=\"elementor-column elementor-col-100 elementor-top-column elementor-element elementor-element-4a96491 sc_inner_width_none sc_layouts_column_icons_position_left\" data-id=\"4a96491\" data-element_type=\"column\">\n\t\t\t<div class=\"elementor-column-wrap elementor-element-populated\">\n\t\t\t\t\t\t\t<div class=\"elementor-widget-wrap\">\n\t\t\t\t\t\t<div class=\"elementor-element elementor-element-e371817 sc_fly_static elementor-widget elementor-widget-trx_sc_promo\" data-id=\"e371817\" data-element_type=\"widget\" data-widget_type=\"trx_sc_promo.default\">\n\t\t\t\t<div class=\"elementor-widget-container\">\n\t\t\t<div  id=\"trx_sc_promo_193907556\" \n\tclass=\"sc_promo sc_promo_default sc_promo_size_normal sc_promo_no_image\"><div class=\"sc_promo_text\" style=\"width: 100%;\">\n\t\t\t<div class=\"sc_promo_text_inner trx_addons_inline_1142990669\"><h2 class=\"sc_item_title sc_promo_title sc_item_title_style_decoration sc_item_title_tag\"><span class=\"sc_item_title_text\">Muzej Domovinskog rata Karlovac\u2013 Turanj<\/span><\/h2><div class=\"sc_item_descr sc_promo_descr\"><p>U staroj austrijskoj vojarni, obnovljenoj zgradi koju su branitelji nazivali \u201eHotel California\u201c, Gradski muzej Karlovac je uredio Muzej Domovinskog rata Karlovac \u2013 Turanj. Muzej je udaljen 4 kilometra od sredi\u0161ta grada, smje\u0161ten u gradskoj \u010detvrti Turanj, u pro\u0161losti poznatoj kao predstra\u017eom grada. Kao stalni postav Muzeja, postavljena je izlo\u017eba Karlovac 1991. \u2013 1995. koja je na suvremen i interaktivan na\u010din posve\u0107ena \u017eivotu u gradu Karlovcu i na karlova\u010dkoj boji\u0161nici tijekom Domovinskog rata.<\/p>\n<\/div><\/div>\n\t\t<\/div><!-- \/.sc_promo_text --><\/div><!-- \/.sc_promo -->\t\t<\/div>\n\t\t\t\t<\/div>\n\t\t\t\t\t\t<\/div>\n\t\t\t\t\t<\/div>\n\t\t<\/div>\n\t\t\t\t\t\t\t\t<\/div>\n\t\t\t\t\t<\/div>\n\t\t<\/section>\n\t\t\t\t<section class=\"elementor-section elementor-top-section elementor-element elementor-element-ef75151 scheme_dark elementor-section-stretched elementor-section-boxed elementor-section-height-default elementor-section-height-default\" data-id=\"ef75151\" data-element_type=\"section\" data-settings=\"{&quot;stretch_section&quot;:&quot;section-stretched&quot;}\">\n\t\t\t\t\t\t<div class=\"elementor-container elementor-column-gap-extended\">\n\t\t\t\t\t\t\t<div class=\"elementor-row\">\n\t\t\t\t\t<div class=\"elementor-column elementor-col-100 elementor-top-column elementor-element elementor-element-c24b430 sc_inner_width_none sc_layouts_column_icons_position_left\" data-id=\"c24b430\" data-element_type=\"column\">\n\t\t\t<div class=\"elementor-column-wrap elementor-element-populated\">\n\t\t\t\t\t\t\t<div class=\"elementor-widget-wrap\">\n\t\t\t\t\t\t<div class=\"elementor-element elementor-element-76a36ab sc_fly_static elementor-widget elementor-widget-trx_sc_promo\" data-id=\"76a36ab\" data-element_type=\"widget\" data-widget_type=\"trx_sc_promo.default\">\n\t\t\t\t<div class=\"elementor-widget-container\">\n\t\t\t<div  id=\"trx_sc_promo_494236403\" \n\tclass=\"sc_promo sc_promo_default sc_promo_size_normal sc_promo_no_image\"><div class=\"sc_promo_text\" style=\"width: 100%;\">\n\t\t\t<div class=\"sc_promo_text_inner trx_addons_inline_1719754337\"><h2 class=\"sc_item_title sc_promo_title sc_item_title_style_decoration sc_item_title_tag\"><span class=\"sc_item_title_text\">Rastoke<\/span><\/h2><div class=\"sc_item_descr sc_promo_descr\"><p>Na ulazu u Slunj smje\u0161tene su Plitvice u malom kako ih narod zove.... tuda protje\u010de rijeka Slunj\u010dica preko mno\u0161tva jezeraca, slapova i brzaka i ulijeva se u Koranu gdje se utkala u naselje mlinica, \u010daroban i nevjerojatan spoj \u010dovjeka i prirode.<\/p>\n<\/div><\/div>\n\t\t<\/div><!-- \/.sc_promo_text --><\/div><!-- \/.sc_promo -->\t\t<\/div>\n\t\t\t\t<\/div>\n\t\t\t\t\t\t<\/div>\n\t\t\t\t\t<\/div>\n\t\t<\/div>\n\t\t\t\t\t\t\t\t<\/div>\n\t\t\t\t\t<\/div>\n\t\t<\/section>\n\t\t\t\t<section class=\"elementor-section elementor-top-section elementor-element elementor-element-edfc4ea scheme_dark elementor-section-stretched elementor-section-boxed elementor-section-height-default elementor-section-height-default\" data-id=\"edfc4ea\" data-element_type=\"section\" data-settings=\"{&quot;stretch_section&quot;:&quot;section-stretched&quot;}\">\n\t\t\t\t\t\t<div class=\"elementor-container elementor-column-gap-extended\">\n\t\t\t\t\t\t\t<div class=\"elementor-row\">\n\t\t\t\t\t<div class=\"elementor-column elementor-col-100 elementor-top-column elementor-element elementor-element-ed60ed9 sc_inner_width_none sc_layouts_column_icons_position_left\" data-id=\"ed60ed9\" data-element_type=\"column\">\n\t\t\t<div class=\"elementor-column-wrap elementor-element-populated\">\n\t\t\t\t\t\t\t<div class=\"elementor-widget-wrap\">\n\t\t\t\t\t\t<div class=\"elementor-element elementor-element-d3b1dda sc_fly_static elementor-widget elementor-widget-trx_sc_promo\" data-id=\"d3b1dda\" data-element_type=\"widget\" data-widget_type=\"trx_sc_promo.default\">\n\t\t\t\t<div class=\"elementor-widget-container\">\n\t\t\t<div  id=\"trx_sc_promo_1566200091\" \n\tclass=\"sc_promo sc_promo_default sc_promo_size_normal sc_promo_no_image\"><div class=\"sc_promo_text\" style=\"width: 100%;\">\n\t\t\t<div class=\"sc_promo_text_inner trx_addons_inline_814303838\"><h2 class=\"sc_item_title sc_promo_title sc_item_title_style_decoration sc_item_title_tag\"><span class=\"sc_item_title_text\">Plitvi\u010dka jezera<\/span><\/h2><div class=\"sc_item_descr sc_promo_descr\"><p>Prvi hrvatski nacionalni park kojeg krasi 16 predivnih kaskadnih jezera duboke modrozelene boje. Mnogobrojni \u0161u\u0161tavi slapovi zimi se pretvaraju u ledenu \u010dipku, a prema legendi, stvorila ih je Crna kraljica na molbu stanovnika ovog kraja koje je pogodila velika su\u0161a. Tu je smje\u0161tena jedna od najstarijih pra\u0161uma u Europi - \u010corkova uvala\u2026tu izvire bistra i hladna rijeka Korana, a svaki posjet stvara novu misti\u010dnost.<\/p>\n<\/div><\/div>\n\t\t<\/div><!-- \/.sc_promo_text --><\/div><!-- \/.sc_promo -->\t\t<\/div>\n\t\t\t\t<\/div>\n\t\t\t\t\t\t<\/div>\n\t\t\t\t\t<\/div>\n\t\t<\/div>\n\t\t\t\t\t\t\t\t<\/div>\n\t\t\t\t\t<\/div>\n\t\t<\/section>\n\t\t\t\t\t\t<\/div>\n\t\t\t\t\t\t<\/div>\n\t\t\t\t\t<\/div>\n\t\t","protected":false},"excerpt":{"rendered":"<p>Atrakcije Aquatika Slatkovodni Akvarij Karlovac predstavlja vrhunsku turisti\u010dku atrakciju za sve ljubitelje&hellip;<\/p>\n","protected":false},"author":1,"featured_media":0,"parent":0,"menu_order":0,"comment_status":"closed","ping_status":"closed","template":"","meta":{"footnotes":""},"_links":{"self":[{"href":"https:\/\/aurora-experience.com\/index.php?rest_route=\/wp\/v2\/pages\/68"}],"collection":[{"href":"https:\/\/aurora-experience.com\/index.php?rest_route=\/wp\/v2\/pages"}],"about":[{"href":"https:\/\/aurora-experience.com\/index.php?rest_route=\/wp\/v2\/types\/page"}],"author":[{"embeddable":true,"href":"https:\/\/aurora-experience.com\/index.php?rest_route=\/wp\/v2\/users\/1"}],"replies":[{"embeddable":true,"href":"https:\/\/aurora-experience.com\/index.php?rest_route=%2Fwp%2Fv2%2Fcomments&post=68"}],"version-history":[{"count":143,"href":"https:\/\/aurora-experience.com\/index.php?rest_route=\/wp\/v2\/pages\/68\/revisions"}],"predecessor-version":[{"id":2145,"href":"https:\/\/aurora-experience.com\/index.php?rest_route=\/wp\/v2\/pages\/68\/revisions\/2145"}],"wp:attachment":[{"href":"https:\/\/aurora-experience.com\/index.php?rest_route=%2Fwp%2Fv2%2Fmedia&parent=68"}],"curies":[{"name":"wp","href":"https:\/\/api.w.org\/{rel}","templated":true}]}}